{"id":6744,"date":"2026-05-01T09:34:20","date_gmt":"2026-05-01T07:34:20","guid":{"rendered":"https:\/\/www.narodnyfutbalovystadion.sk\/event\/noc-na-tehelku-vol-3\/"},"modified":"2026-05-01T09:34:20","modified_gmt":"2026-05-01T07:34:20","slug":"noc-na-tehelku-vol-3","status":"publish","type":"event","link":"https:\/\/www.narodnyfutbalovystadion.sk\/en\/event\/noc-na-tehelku-vol-3\/","title":{"rendered":"NOC NA TEHELKU vol. 3"},"content":{"rendered":"<p>&lt;p&lt;strongNOC NA TEHELKU vol. 3&lt;\/strong&lt;\/p<br \/>\n&lt;pMiesto konania: Futbalov\u00fd \u0161tadi\u00f3n Teheln\u00e9 pole, Bratislava&lt;\/p<br \/>\n&lt;pPo minuloro\u010dn\u00fdch mimoriadne \u00faspe\u0161n\u00fdch a\u00a0ob\u013e\u00faben\u00fdch podujatiach\u00a0&lt;strongNoc na Tehelku&lt;\/strong\u00a0prin\u00e1\u0161ame tret\u00ed ro\u010dn\u00edk tohto podujatia, ktor\u00fd je ur\u010den\u00fd pre deti vo veku od 4 rokov do 17 rokov (vr\u00e1tane). Deti so svojimi rodi\u010dmi bud\u00fa m\u00f4c\u0165 za\u017ei\u0165 nezabudnute\u013en\u00fd z\u00e1\u017eitok na \u0161tadi\u00f3ne Teheln\u00e9 pole, kde m\u00f4\u017eu prenocova\u0165 priamo na hracej ploche. Aj tento rok sme si pripravili po\u010das jedn\u00e9ho v\u00edkendu a\u017e dva turnusy:&lt;\/p<br \/>\n&lt;p&lt;strongPrv\u00fd turnus:&lt;\/strong\u00a0&lt;br \/8.m\u00e1ja (piatok) \u2013 9. m\u00e1ja (sobota) 2026&lt;\/p<br \/>\n&lt;p&lt;strongDruh\u00fd turnus:&lt;\/strong\u00a0&lt;br \/9.m\u00e1ja (sobota) \u2013 10. m\u00e1ja (nede\u013ea) 2026&lt;\/p<br \/>\n&lt;pAkcia je ur\u010den\u00e1 pre deti s sprievodom dospelej osoby. V pripraven\u00fdch stanoch (zabezpe\u010d\u00ed klub) za\u017eij\u00fa deti no\u010dn\u00fa atmosf\u00e9ru \u0161tadi\u00f3na, \u0161portov\u00e9 aktivity na hlavnom ihrisku, prehliadku \u0161tadi\u00f3na alebo premietanie ve\u010dernej rozpr\u00e1vky na ve\u013ekoplo\u0161nej obrazovke.&lt;\/p<br \/>\n&lt;p&lt;strongPredaj vstupeniek prebehne v dvoch f\u00e1zach:&lt;\/strong&lt;\/p<br \/>\n&lt;p&lt;strongI.F\u00c1ZA PREDAJA \u2013 Prednostn\u00fd n\u00e1kup&lt;\/strong&lt;\/p<br \/>\n&lt;ul<br \/>\n&lt;liod 01.04.2026 12:00 hod. \u2013 do 08.04.2026 10:00 hod.&lt;\/li<br \/>\n&lt;lina 1 n\u00e1kup 1 stan&lt;\/li<br \/>\n&lt;liur\u010den\u00e9 pre \u010dlenov Vernostn\u00e9ho programu Slovanista, ktor\u00ed sa nach\u00e1dzaj\u00fa do 25.03.2026 23:59 hod., v\u00a0\u00farovni Vern\u00fd, Zlat\u00fd, Elitn\u00fd, Legend\u00e1rny.&lt;\/li<br \/>\n&lt;\/ul<br \/>\n&lt;p\u00a0&lt;\/p<br \/>\n&lt;ul<br \/>\n&lt;li&lt;strong Pre Prednostn\u00fd n\u00e1kup je potrebn\u00e9 zada\u0165 \u201eM\u00f4j QR k\u00f3d\u201c z Vernostn\u00e9ho programu Slovanista:&lt;br \/&lt;\/strongV mobilnej aplik\u00e1cii \u0160K Slovan si zvol\u00edte sekciu &quot;MOJE BODY\u201c, vyberiete a zvol\u00edte \u201eM\u00f4j QR k\u00f3d\u201c ,alebo si zvol\u00edte sekciu \u201eMenu\u201c, vyberiete \u201eVernostn\u00fd program\u201c a zvol\u00edte \u201eM\u00f4j QR k\u00f3d\u201c. Po zobrazen\u00ed \u201eM\u00f4j QR k\u00f3d\u201c, sa V\u00e1m zobraz\u00ed unik\u00e1tny k\u00f3d v kombin\u00e1cii \u010d\u00edslice + p\u00edsmena. Dan\u00fd k\u00f3d skop\u00edrujete a pou\u017e\u00edvate ako vstup do podujatia na v\u00fdber turnusu a\u00a0stanu pre &lt;strongNOC NA TEHELKU vol. 3&lt;\/strong&lt;\/li<br \/>\n&lt;\/ul<br \/>\n&lt;p\u00a0&lt;\/p<br \/>\n&lt;ul<br \/>\n&lt;licena stanu pre:&lt;\/li<br \/>\n&lt;\/ul<br \/>\n&lt;pa) Vern\u00fd fan\u00fa\u0161ik: 109.00\u20ac (be\u017en\u00e1 cena)&lt;br \/b) Zlat\u00fd fan\u00fa\u0161ik: 98.00 \u20ac ( 10% z\u013eava z be\u017enej ceny)&lt;br \/c) Elitn\u00fd fan\u00fa\u0161ik: 92.00 \u20ac (15% z\u013eava z be\u017enej ceny)&lt;br \/d) Legend\u00e1rny fan\u00fa\u0161ik: 87.00\u20ac (20% z\u013eava z be\u017enej ceny)&lt;\/p<br \/>\n&lt;p&lt;strongUplatnenie z\u013eavy pre fan\u00fa\u0161ikov pod\u013ea \u00farovne Vernostn\u00e9ho programu Slovanista v\u00a0n\u00e1kupnom ko\u0161\u00edku:&lt;\/strong&lt;br \/Po v\u00fdbere turnusu a\u00a0stanu, si v\u00a0n\u00e1kupnom ko\u0161\u00edku pri Z\u013eave zvol\u00edte n\u00e1zov z\u013eavy pod\u013ea toho , v\u00a0ktorej \u00farovni Vernostn\u00e9ho programu Slovanista sa nach\u00e1dzate. Vlo\u017e\u00edte M\u00f4j QR k\u00f3d z\u00a0Vernostn\u00e9ho programu Slovanista, syst\u00e9m V\u00e1m automaticky uprav\u00ed cenu, potvrd\u00edte z\u013eavu a\u00a0pokra\u010dujete v\u00a0dokon\u010den\u00ed n\u00e1kupu&lt;strong.&lt;\/strong&lt;\/p<br \/>\n&lt;p&lt;strongPovinn\u00e9 \u00fadaje pri k\u00fape vstupenky:&lt;br \/Die\u0165a:&lt;\/strong&lt;br \/\u2022 Meno a priezvisko die\u0165a\u0165a&lt;br \/\u2022 D\u00e1tum narodenia die\u0165a\u0165a:&lt;br \/\u2022 Ve\u010dera&lt;\/p<br \/>\n&lt;pa) Menu 1 (Kurac\u00ed steak na pr\u00edrodno, ry\u017ea, \u0161al\u00e1tov\u00fd bufet)&lt;br \/b) Menu 2 (Vypr\u00e1\u017ean\u00fd syr s tat\u00e1rskou om\u00e1\u010dkou, varen\u00e9 baby zemiaky, \u0161al\u00e1tov\u00fd bufet)&lt;\/p<br \/>\n&lt;pPo zvolen\u00ed vybran\u00e9ho menu nie je mo\u017enos\u0165 zmeny.&lt;\/p<br \/>\n&lt;p&lt;strongDospel\u00e1 osoba:&lt;\/strong&lt;br \/\u2022 Meno a priezvisko dospelej osoby:&lt;br \/\u2022 D\u00e1tum narodenia dospelej osoby:&lt;br \/\u2022 Tel.kontakt dospelej osoby:&lt;br \/\u2022 E-mail dospelej osoby&lt;br \/\u2022 Ve\u010dera:&lt;\/p<br \/>\n&lt;pa) Menu 1 (Kurac\u00ed steak na pr\u00edrodno, ry\u017ea, \u0161al\u00e1tov\u00fd bufet)&lt;br \/b) Menu 2 (Vypr\u00e1\u017ean\u00fd syr s tat\u00e1rskou om\u00e1\u010dkou, varen\u00e9 baby zemiaky, \u0161al\u00e1tov\u00fd bufet)&lt;\/p<br \/>\n&lt;pPo zvolen\u00ed vybran\u00e9ho menu nie je mo\u017enos\u0165 zmeny.&lt;\/p<br \/>\n&lt;p\u00a0&lt;\/p<br \/>\n&lt;p&lt;strongII.F\u00c1ZA PREDAJA \u2013 Vo\u013en\u00fd predaj&lt;\/strong&lt;\/p<br \/>\n&lt;ul<br \/>\n&lt;li08.04.2026 12:00 hod. \u2013 05.05.2026 12:00 hod. (alebo do vypredania)&lt;\/li<br \/>\n&lt;lina 1 n\u00e1kup 1 stan&lt;\/li<br \/>\n&lt;\/ul<br \/>\n&lt;p\u00a0&lt;\/p<br \/>\n&lt;p&lt;strongPovinn\u00e9 \u00fadaje pri k\u00fape vstupenky:&lt;br \/Die\u0165a:&lt;\/strong&lt;br \/\u2022 Meno a priezvisko die\u0165a\u0165a&lt;br \/\u2022 D\u00e1tum narodenia die\u0165a\u0165a:&lt;br \/\u2022 Ve\u010dera&lt;\/p<br \/>\n&lt;pa) Menu 1 (Kurac\u00ed steak na pr\u00edrodno, ry\u017ea, \u0161al\u00e1tov\u00fd bufet)&lt;br \/b) Menu 2 (Vypr\u00e1\u017ean\u00fd syr s tat\u00e1rskou om\u00e1\u010dkou, varen\u00e9 baby zemiaky, \u0161al\u00e1tov\u00fd bufet)&lt;\/p<br \/>\n&lt;pPo zvolen\u00ed vybran\u00e9ho menu nie je mo\u017enos\u0165 zmeny.&lt;\/p<br \/>\n&lt;p&lt;strongDospel\u00e1 osoba:&lt;\/strong&lt;br \/\u2022 Meno a priezvisko dospelej osoby:&lt;br \/\u2022 D\u00e1tum narodenia dospelej osoby:&lt;br \/\u2022 Tel.kontakt dospelej osoby:&lt;br \/\u2022 E-mail dospelej osoby&lt;br \/\u2022 Ve\u010dera:&lt;\/p<br \/>\n&lt;pa) Menu 1 (Kurac\u00ed steak na pr\u00edrodno, ry\u017ea, \u0161al\u00e1tov\u00fd bufet)&lt;br \/b) Menu 2 (Vypr\u00e1\u017ean\u00fd syr s tat\u00e1rskou om\u00e1\u010dkou, varen\u00e9 baby zemiaky, \u0161al\u00e1tov\u00fd bufet)&lt;\/p<br \/>\n&lt;pPo zvolen\u00ed vybran\u00e9ho menu nie je mo\u017enos\u0165 zmeny.&lt;\/p<br \/>\n&lt;pCelkov\u00e1 kapacita stanov na jeden turnus je\u00a0&lt;strong45&lt;\/strong\u00a0stanov. Jeden stan je kapacitne ur\u010den\u00fd pre 2 osoby &#8211; pre die\u0165a a dospel\u00fa osobu. Prednostn\u00e9 pr\u00e1vo na n\u00e1kup maj\u00fa \u010dlenovia Vernostn\u00e9ho programu Slovanista, pod\u013ea vy\u0161\u0161ie uveden\u00fdch pravidiel a predajn\u00fdch f\u00e1z. Na jedno prednostn\u00e9 pr\u00e1vo je mo\u017en\u00e9 zak\u00fapi\u0165 1 stan.&lt;\/p<br \/>\n&lt;p&lt;strongPr\u00edklady mo\u017enosti zak\u00fapenia vstupeniek:&lt;\/strong&lt;\/p<br \/>\n&lt;pDie\u0165a + rodi\u010d \u2013 zak\u00fapi si jednu vstupenku, ktor\u00e1 bude obsahova\u0165 jeden stan pre oboch.&lt;br \/Dve deti + rodi\u010d \u2013 zak\u00fapi si dve vstupenky, ktor\u00e9 bud\u00fa obsahova\u0165 dva stany. Ide\u00e1lne je doplni\u0165 e\u0161te jedn\u00fdm die\u0165a\u0165om alebo dospelou osobou (nie je povinnos\u0165).&lt;\/p<br \/>\n&lt;pDve deti + dvaja rodi\u010dia \u2013 zak\u00fapi si dve vstupenky, ktor\u00e9 bud\u00fa obsahova\u0165 dva stany.&lt;br \/Tri deti + rodi\u010d \u2013 zak\u00fapi si dve vstupenky, ktor\u00e9 bud\u00fa obsahova\u0165 dva stany.&lt;\/p<br \/>\n&lt;p&lt;strongCena zah\u0155\u0148a:&lt;\/strong&lt;\/p<br \/>\n&lt;ul<br \/>\n&lt;liExkluz\u00edvnu noc na tr\u00e1vniku Teheln\u00e9ho po\u013ea&lt;\/li<br \/>\n&lt;\/ul<br \/>\n&lt;ul<br \/>\n&lt;liBohat\u00fd \u0161portov\u00fd program na ihrisku s r\u00f4znymi aktivitami&lt;\/li<br \/>\n&lt;ul<br \/>\n&lt;liFutbalov\u00fd z\u00e1pas deti vs. rodi\u010dia&lt;\/li<br \/>\n&lt;liFutbalov\u00fd turnaj rodi\u010dov s\u00a0de\u0165mi&lt;\/li<br \/>\n&lt;liTurnaj v\u00a0stolnom futbale&lt;\/li<br \/>\n&lt;\/ul<br \/>\n&lt;\/ul<br \/>\n&lt;ul<br \/>\n&lt;liSlalom s\u00a0obrou loptou&lt;\/li<br \/>\n&lt;liFutbalov\u00e9 kolky&lt;\/li<br \/>\n&lt;liTvoriv\u00e9 dielne&lt;\/li<br \/>\n&lt;\/ul<br \/>\n&lt;ul<br \/>\n&lt;ul<br \/>\n&lt;liMeranie r\u00fdchlosti strely&lt;\/li<br \/>\n&lt;liPrek\u00e1\u017ekov\u00e1 dr\u00e1ha&lt;\/li<br \/>\n&lt;liNafukovac\u00ed billiard&lt;\/li<br \/>\n&lt;liNafukovac\u00ed hrad&lt;\/li<br \/>\n&lt;li\u010fal\u0161ie&lt;\/li<br \/>\n&lt;\/ul<br \/>\n&lt;liAI fotokut\u00edk&lt;\/li<br \/>\n&lt;liPrehliadka \u0161tadi\u00f3na s n\u00e1v\u0161tevou hr\u00e1\u010dskej kab\u00edny&lt;\/li<br \/>\n&lt;liRozpr\u00e1vka na dobr\u00fa noc na ve\u013ekoplo\u0161n\u00fdch obrazovk\u00e1ch&lt;\/li<br \/>\n&lt;liVe\u010dera v re\u0161taur\u00e1cii s v\u00fdh\u013eadom na \u0161tadi\u00f3n&lt;\/li<br \/>\n&lt;liRa\u0148ajky v re\u0161taur\u00e1cii s v\u00fdh\u013eadom na \u0161tadi\u00f3n&lt;\/li<br \/>\n&lt;liPitn\u00fd re\u017eim po\u010das cel\u00e9ho podujatia, snacky, ovocie a\u00a0\u010dapovan\u00e9 pive\u010dko pre dospel\u00fdch&lt;\/li<br \/>\n&lt;\/ul<br \/>\n&lt;p&lt;strong\u00a0&lt;\/strong&lt;\/p<br \/>\n&lt;p&lt;strongProgram podujatia&lt;\/strong&lt;\/p<br \/>\n&lt;pPiatok (prv\u00fd turnus) 08.05.2026:&lt;br \/16:00 \u2013 16:30 \u00a0\u00a0 check-in a ubytovanie sa v\u00a0stanoch&lt;br \/16:30\u00a0 \u00a0\u00a0\u00a0\u00a0\u00a0\u00a0\u00a0\u00a0\u00a0\u00a0\u00a0\u00a0\u00a0\u00a0\u00a0\u00a0\u00a0 otvorenie akcie&lt;br \/16:30\u00a0 \u00a0\u00a0\u00a0\u00a0\u00a0\u00a0\u00a0\u00a0\u00a0\u00a0\u00a0\u00a0\u00a0\u00a0\u00a0\u00a0\u00a0 \u0161portov\u00fd program na ihrisku s r\u00f4znymi aktivitami&lt;br \/18:00\u00a0 \u00a0\u00a0\u00a0\u00a0\u00a0\u00a0\u00a0\u00a0\u00a0\u00a0\u00a0\u00a0\u00a0\u00a0\u00a0\u00a0\u00a0 prehliadka \u0161tadi\u00f3na&lt;br \/19:15\u00a0 \u00a0\u00a0\u00a0\u00a0\u00a0\u00a0\u00a0\u00a0\u00a0\u00a0\u00a0\u00a0\u00a0\u00a0\u00a0\u00a0\u00a0 ve\u010dera s\u00a0v\u00fdh\u013eadom na \u0161tadi\u00f3n&lt;br \/20:15 \u00a0\u00a0\u00a0\u00a0\u00a0\u00a0\u00a0\u00a0\u00a0\u00a0\u00a0\u00a0\u00a0\u00a0\u00a0\u00a0\u00a0\u00a0 premietanie rozpr\u00e1vky &amp;amp; popcorn&lt;br \/22:00 \u00a0\u00a0\u00a0\u00a0\u00a0\u00a0\u00a0\u00a0\u00a0\u00a0\u00a0\u00a0\u00a0\u00a0\u00a0\u00a0\u00a0\u00a0 ukon\u010denie programu a\u00a0sp\u00e1nok&lt;br \/07:30 \u2013 09:30 \u00a0\u00a0 (sobota) ra\u0148ajky&lt;br \/10:00 \u00a0\u00a0\u00a0\u00a0\u00a0\u00a0\u00a0\u00a0\u00a0\u00a0\u00a0\u00a0\u00a0\u00a0\u00a0\u00a0\u00a0\u00a0 \u00a0check-out&lt;\/p<br \/>\n&lt;p\u00a0&lt;\/p<br \/>\n&lt;pSobota (druh\u00fd turnus) 09.05.2026*&lt;br \/15:30 \u2013 16:00 \u00a0\u00a0 check-in a ubytovanie sa v\u00a0stanoch&lt;br \/16:00\u00a0 \u00a0\u00a0\u00a0\u00a0\u00a0\u00a0\u00a0\u00a0\u00a0\u00a0\u00a0\u00a0\u00a0\u00a0\u00a0\u00a0\u00a0 otvorenie akcie&lt;br \/15:30\u00a0\u00a0\u00a0\u00a0\u00a0\u00a0\u00a0\u00a0\u00a0\u00a0\u00a0\u00a0\u00a0\u00a0\u00a0\u00a0\u00a0\u00a0\u00a0 \u0161portov\u00fd program na ihrisku s r\u00f4znymi aktivitami&lt;br \/18:00\u00a0 \u00a0\u00a0\u00a0\u00a0\u00a0\u00a0\u00a0\u00a0\u00a0\u00a0\u00a0\u00a0\u00a0\u00a0\u00a0\u00a0\u00a0 prehliadka \u0161tadi\u00f3na&lt;br \/19:15\u00a0 \u00a0\u00a0\u00a0\u00a0\u00a0\u00a0\u00a0\u00a0\u00a0\u00a0\u00a0\u00a0\u00a0\u00a0\u00a0\u00a0\u00a0 ve\u010dera s\u00a0v\u00fdh\u013eadom na \u0161tadi\u00f3n&lt;br \/20:15 \u00a0\u00a0\u00a0\u00a0\u00a0\u00a0\u00a0\u00a0\u00a0\u00a0\u00a0\u00a0\u00a0\u00a0\u00a0\u00a0\u00a0\u00a0 premietanie rozpr\u00e1vky &amp;amp; popcorn&lt;br \/22:00 \u00a0\u00a0\u00a0\u00a0\u00a0\u00a0\u00a0\u00a0\u00a0\u00a0\u00a0\u00a0\u00a0\u00a0\u00a0\u00a0\u00a0\u00a0 ukon\u010denie programu a\u00a0sp\u00e1nok&lt;br \/07:30 \u2013 09:30 \u00a0\u00a0 (nede\u013ea) ra\u0148ajky&lt;br \/10:00 \u00a0\u00a0\u00a0\u00a0\u00a0\u00a0\u00a0\u00a0\u00a0\u00a0\u00a0\u00a0\u00a0\u00a0\u00a0\u00a0\u00a0\u00a0 check-out&lt;\/p<br \/>\n&lt;p*program druh\u00e9ho turnusu m\u00f4\u017ee by\u0165 upraven\u00fd, pod\u013ea term\u00ednu a\u00a0\u010dasu vonkaj\u0161ieho z\u00e1pasu Podbrezov\u00e1 \u2013 Slovan, aby sme \u00fa\u010dastn\u00edkom vedeli vysiela\u0165 priamy prenos z\u00e1pasu.&lt;\/p<br \/>\n&lt;p&lt;strong\u00a0&lt;\/strong&lt;\/p<br \/>\n&lt;p&lt;strongOrganiza\u010dn\u00e9 pokyny organiz\u00e1tora podujatia&lt;\/strong&lt;\/p<br \/>\n&lt;ol<br \/>\n&lt;li&lt;strong &lt;\/strong&lt;strongZraz pred podujat\u00edm (check-in)&lt;\/strong&lt;\/li<br \/>\n&lt;\/ol<br \/>\n&lt;p&lt;span style=&quot;color: #e03e2d;&quot;Pod\u013ea stanoven\u00e9ho \u010dasu v programe na recepcii \u0161tadi\u00f3na Teheln\u00e9 pole (vstup do VIP priestorov \u0161tadi\u00f3na Teheln\u00e9 pole \/ od NTC ar\u00e9ny Bratislava &#8211; Pr\u00edkopova 6, Bratislava). Parkovanie bude mo\u017en\u00e9 v podzemnej gar\u00e1\u017ei pod \u0161tadi\u00f3nom vstupom od ulice Viktora Tegelhoffa (pri NTC).&lt;\/span&lt;\/p<br \/>\n&lt;p&lt;strong\u00a0&lt;\/strong&lt;\/p<br \/>\n&lt;ol start=&quot;2&quot;<br \/>\n&lt;li&lt;strong &lt;\/strong&lt;strongOdchod po podujat\u00ed (check-out)&lt;\/strong&lt;\/li<br \/>\n&lt;\/ol<br \/>\n&lt;pDo 10:00 hod. je potrebn\u00e9 opusti\u0165 priestory \u0161tadi\u00f3na Teheln\u00e9 pole.&lt;\/p<br \/>\n&lt;p&lt;strong\u00a0&lt;\/strong&lt;\/p<br \/>\n&lt;ol start=&quot;3&quot;<br \/>\n&lt;li&lt;strong &lt;\/strong&lt;strongPodmienky \u00fa\u010dasti na akcii&lt;\/strong&lt;\/li<br \/>\n&lt;\/ol<br \/>\n&lt;ul<br \/>\n&lt;liDie\u0165a vo veku od 4 rokov do 17 rokov (vr\u00e1tane).&lt;\/li<br \/>\n&lt;liDie\u0165a (alebo deti) v sprievode dospelej osoby.&lt;\/li<br \/>\n&lt;liZak\u00fapen\u00e1 vstupenka na podujatie.&lt;\/li<br \/>\n&lt;liDostavenie sa v stanovenom \u010dase check-in podujatia.&lt;\/li<br \/>\n&lt;liNa podujatie je potrebn\u00e9 si so sebou prinies\u0165 spac\u00ed vak, pr\u00edpadne vank\u00fa\u0161ik.&lt;\/li<br \/>\n&lt;liStany, nafukovacie matrace, karimatky zabezpe\u010duje klub.&lt;\/li<br \/>\n&lt;liZ\u00e1kaz vn\u00e1\u0161ania alkoholick\u00fdch n\u00e1pojov na podujatie.&lt;\/li<br \/>\n&lt;\/ul<br \/>\n&lt;p\u00a0&lt;\/p<br \/>\n&lt;ol start=&quot;4&quot;<br \/>\n&lt;li&lt;strong &lt;\/strong&lt;strongD\u00f4le\u017eit\u00e9 upozornenie&lt;\/strong&lt;\/li<br \/>\n&lt;\/ol<br \/>\n&lt;pV pr\u00edpade, \u017ee nebud\u00fa splnen\u00e9 vopred stanoven\u00e9 a uveden\u00e9 podmienky (vek die\u0165a\u0165a od 4 do 17 rokov), budeme n\u00faten\u00ed die\u0165a a zodpovedn\u00fa osobu nevpusti\u0165 na podujatie &lt;strongNOC NA TEHELKU vol. 3 &lt;\/stronga z\u00e1rove\u0148 to bude bez n\u00e1roku na vr\u00e1tenie platby za zak\u00fapen\u00fa vstupenku\/vstupenky (stan\/stany) na podujatie &lt;strongNOC NA TEHELKU vol. 3&lt;\/strong&lt;\/p<\/p>\n","protected":false},"featured_media":7438,"template":"","meta":{"_acf_changed":false},"kategoria":[9],"class_list":["post-6744","event","type-event","status-publish","has-post-thumbnail","hentry","kategoria-ine"],"acf":[],"yoast_head":"<!-- This site is optimized with the Yoast SEO plugin v26.2 - https:\/\/yoast.com\/wordpress\/plugins\/seo\/ -->\n<title>NOC NA TEHELKU vol. 3 - N\u00e1rodn\u00fd futbalov\u00fd \u0161tadi\u00f3n<\/title>\n<meta name=\"robots\" content=\"index, follow, max-snippet:-1, max-image-preview:large, max-video-preview:-1\" \/>\n<link rel=\"canonical\" href=\"https:\/\/www.narodnyfutbalovystadion.sk\/event\/noc-na-tehelku-vol-3\/\" \/>\n<meta property=\"og:locale\" content=\"en_US\" \/>\n<meta property=\"og:type\" content=\"article\" \/>\n<meta property=\"og:title\" content=\"NOC NA TEHELKU vol. 3 - N\u00e1rodn\u00fd futbalov\u00fd \u0161tadi\u00f3n\" \/>\n<meta property=\"og:description\" content=\"&lt;p&lt;strongNOC NA TEHELKU vol. 3&lt;\/strong&lt;\/p &lt;pMiesto konania: Futbalov\u00fd \u0161tadi\u00f3n Teheln\u00e9 pole, Bratislava&lt;\/p &lt;pPo minuloro\u010dn\u00fdch mimoriadne \u00faspe\u0161n\u00fdch a\u00a0ob\u013e\u00faben\u00fdch podujatiach\u00a0&lt;strongNoc na Tehelku&lt;\/strong\u00a0prin\u00e1\u0161ame...\" \/>\n<meta property=\"og:url\" content=\"https:\/\/www.narodnyfutbalovystadion.sk\/event\/noc-na-tehelku-vol-3\/\" \/>\n<meta property=\"og:site_name\" content=\"N\u00e1rodn\u00fd futbalov\u00fd \u0161tadi\u00f3n\" \/>\n<meta name=\"twitter:card\" content=\"summary_large_image\" \/>\n<meta name=\"twitter:label1\" content=\"Est. reading time\" \/>\n\t<meta name=\"twitter:data1\" content=\"9 minutes\" \/>\n<script type=\"application\/ld+json\" class=\"yoast-schema-graph\">{\"@context\":\"https:\/\/schema.org\",\"@graph\":[{\"@type\":\"WebPage\",\"@id\":\"https:\/\/www.narodnyfutbalovystadion.sk\/event\/noc-na-tehelku-vol-3\/\",\"url\":\"https:\/\/www.narodnyfutbalovystadion.sk\/event\/noc-na-tehelku-vol-3\/\",\"name\":\"NOC NA TEHELKU vol. 3 - N\u00e1rodn\u00fd futbalov\u00fd \u0161tadi\u00f3n\",\"isPartOf\":{\"@id\":\"https:\/\/www.narodnyfutbalovystadion.sk\/#website\"},\"primaryImageOfPage\":{\"@id\":\"https:\/\/www.narodnyfutbalovystadion.sk\/event\/noc-na-tehelku-vol-3\/#primaryimage\"},\"image\":{\"@id\":\"https:\/\/www.narodnyfutbalovystadion.sk\/event\/noc-na-tehelku-vol-3\/#primaryimage\"},\"thumbnailUrl\":\"https:\/\/enzyqq7jbry.exactdn.com\/wp-content\/uploads\/2026\/05\/o600x600-202632495819_NOC_NA_TEHELKU_vol__3.jpg?strip=all&lossy=1&ssl=1\",\"datePublished\":\"2026-05-01T07:34:20+00:00\",\"breadcrumb\":{\"@id\":\"https:\/\/www.narodnyfutbalovystadion.sk\/event\/noc-na-tehelku-vol-3\/#breadcrumb\"},\"inLanguage\":\"en-US\",\"potentialAction\":[{\"@type\":\"ReadAction\",\"target\":[\"https:\/\/www.narodnyfutbalovystadion.sk\/event\/noc-na-tehelku-vol-3\/\"]}]},{\"@type\":\"ImageObject\",\"inLanguage\":\"en-US\",\"@id\":\"https:\/\/www.narodnyfutbalovystadion.sk\/event\/noc-na-tehelku-vol-3\/#primaryimage\",\"url\":\"https:\/\/enzyqq7jbry.exactdn.com\/wp-content\/uploads\/2026\/05\/o600x600-202632495819_NOC_NA_TEHELKU_vol__3.jpg?strip=all&lossy=1&ssl=1\",\"contentUrl\":\"https:\/\/enzyqq7jbry.exactdn.com\/wp-content\/uploads\/2026\/05\/o600x600-202632495819_NOC_NA_TEHELKU_vol__3.jpg?strip=all&lossy=1&ssl=1\",\"width\":600,\"height\":600},{\"@type\":\"BreadcrumbList\",\"@id\":\"https:\/\/www.narodnyfutbalovystadion.sk\/event\/noc-na-tehelku-vol-3\/#breadcrumb\",\"itemListElement\":[{\"@type\":\"ListItem\",\"position\":1,\"name\":\"Domovsk\u00e1 str\u00e1nka\",\"item\":\"https:\/\/www.narodnyfutbalovystadion.sk\/en\/\"},{\"@type\":\"ListItem\",\"position\":2,\"name\":\"NOC NA TEHELKU vol. 3\"}]},{\"@type\":\"WebSite\",\"@id\":\"https:\/\/www.narodnyfutbalovystadion.sk\/#website\",\"url\":\"https:\/\/www.narodnyfutbalovystadion.sk\/\",\"name\":\"N\u00e1rodn\u00fd futbalov\u00fd \u0161tadi\u00f3n\",\"description\":\"\",\"publisher\":{\"@id\":\"https:\/\/www.narodnyfutbalovystadion.sk\/#organization\"},\"potentialAction\":[{\"@type\":\"SearchAction\",\"target\":{\"@type\":\"EntryPoint\",\"urlTemplate\":\"https:\/\/www.narodnyfutbalovystadion.sk\/?s={search_term_string}\"},\"query-input\":{\"@type\":\"PropertyValueSpecification\",\"valueRequired\":true,\"valueName\":\"search_term_string\"}}],\"inLanguage\":\"en-US\"},{\"@type\":\"Organization\",\"@id\":\"https:\/\/www.narodnyfutbalovystadion.sk\/#organization\",\"name\":\"N\u00e1rodn\u00fd futbalov\u00fd \u0161tadi\u00f3n\",\"url\":\"https:\/\/www.narodnyfutbalovystadion.sk\/\",\"logo\":{\"@type\":\"ImageObject\",\"inLanguage\":\"en-US\",\"@id\":\"https:\/\/www.narodnyfutbalovystadion.sk\/#\/schema\/logo\/image\/\",\"url\":\"https:\/\/www.narodnyfutbalovystadion.sk\/wp-content\/uploads\/2025\/04\/nfs.svg\",\"contentUrl\":\"https:\/\/www.narodnyfutbalovystadion.sk\/wp-content\/uploads\/2025\/04\/nfs.svg\",\"width\":1,\"height\":1,\"caption\":\"N\u00e1rodn\u00fd futbalov\u00fd \u0161tadi\u00f3n\"},\"image\":{\"@id\":\"https:\/\/www.narodnyfutbalovystadion.sk\/#\/schema\/logo\/image\/\"}}]}<\/script>\n<!-- \/ Yoast SEO plugin. -->","yoast_head_json":{"title":"NOC NA TEHELKU vol. 3 - N\u00e1rodn\u00fd futbalov\u00fd \u0161tadi\u00f3n","robots":{"index":"index","follow":"follow","max-snippet":"max-snippet:-1","max-image-preview":"max-image-preview:large","max-video-preview":"max-video-preview:-1"},"canonical":"https:\/\/www.narodnyfutbalovystadion.sk\/event\/noc-na-tehelku-vol-3\/","og_locale":"en_US","og_type":"article","og_title":"NOC NA TEHELKU vol. 3 - N\u00e1rodn\u00fd futbalov\u00fd \u0161tadi\u00f3n","og_description":"&lt;p&lt;strongNOC NA TEHELKU vol. 3&lt;\/strong&lt;\/p &lt;pMiesto konania: Futbalov\u00fd \u0161tadi\u00f3n Teheln\u00e9 pole, Bratislava&lt;\/p &lt;pPo minuloro\u010dn\u00fdch mimoriadne \u00faspe\u0161n\u00fdch a\u00a0ob\u013e\u00faben\u00fdch podujatiach\u00a0&lt;strongNoc na Tehelku&lt;\/strong\u00a0prin\u00e1\u0161ame...","og_url":"https:\/\/www.narodnyfutbalovystadion.sk\/event\/noc-na-tehelku-vol-3\/","og_site_name":"N\u00e1rodn\u00fd futbalov\u00fd \u0161tadi\u00f3n","twitter_card":"summary_large_image","twitter_misc":{"Est. reading time":"9 minutes"},"schema":{"@context":"https:\/\/schema.org","@graph":[{"@type":"WebPage","@id":"https:\/\/www.narodnyfutbalovystadion.sk\/event\/noc-na-tehelku-vol-3\/","url":"https:\/\/www.narodnyfutbalovystadion.sk\/event\/noc-na-tehelku-vol-3\/","name":"NOC NA TEHELKU vol. 3 - N\u00e1rodn\u00fd futbalov\u00fd \u0161tadi\u00f3n","isPartOf":{"@id":"https:\/\/www.narodnyfutbalovystadion.sk\/#website"},"primaryImageOfPage":{"@id":"https:\/\/www.narodnyfutbalovystadion.sk\/event\/noc-na-tehelku-vol-3\/#primaryimage"},"image":{"@id":"https:\/\/www.narodnyfutbalovystadion.sk\/event\/noc-na-tehelku-vol-3\/#primaryimage"},"thumbnailUrl":"https:\/\/enzyqq7jbry.exactdn.com\/wp-content\/uploads\/2026\/05\/o600x600-202632495819_NOC_NA_TEHELKU_vol__3.jpg?strip=all&lossy=1&ssl=1","datePublished":"2026-05-01T07:34:20+00:00","breadcrumb":{"@id":"https:\/\/www.narodnyfutbalovystadion.sk\/event\/noc-na-tehelku-vol-3\/#breadcrumb"},"inLanguage":"en-US","potentialAction":[{"@type":"ReadAction","target":["https:\/\/www.narodnyfutbalovystadion.sk\/event\/noc-na-tehelku-vol-3\/"]}]},{"@type":"ImageObject","inLanguage":"en-US","@id":"https:\/\/www.narodnyfutbalovystadion.sk\/event\/noc-na-tehelku-vol-3\/#primaryimage","url":"https:\/\/enzyqq7jbry.exactdn.com\/wp-content\/uploads\/2026\/05\/o600x600-202632495819_NOC_NA_TEHELKU_vol__3.jpg?strip=all&lossy=1&ssl=1","contentUrl":"https:\/\/enzyqq7jbry.exactdn.com\/wp-content\/uploads\/2026\/05\/o600x600-202632495819_NOC_NA_TEHELKU_vol__3.jpg?strip=all&lossy=1&ssl=1","width":600,"height":600},{"@type":"BreadcrumbList","@id":"https:\/\/www.narodnyfutbalovystadion.sk\/event\/noc-na-tehelku-vol-3\/#breadcrumb","itemListElement":[{"@type":"ListItem","position":1,"name":"Domovsk\u00e1 str\u00e1nka","item":"https:\/\/www.narodnyfutbalovystadion.sk\/en\/"},{"@type":"ListItem","position":2,"name":"NOC NA TEHELKU vol. 3"}]},{"@type":"WebSite","@id":"https:\/\/www.narodnyfutbalovystadion.sk\/#website","url":"https:\/\/www.narodnyfutbalovystadion.sk\/","name":"N\u00e1rodn\u00fd futbalov\u00fd \u0161tadi\u00f3n","description":"","publisher":{"@id":"https:\/\/www.narodnyfutbalovystadion.sk\/#organization"},"potentialAction":[{"@type":"SearchAction","target":{"@type":"EntryPoint","urlTemplate":"https:\/\/www.narodnyfutbalovystadion.sk\/?s={search_term_string}"},"query-input":{"@type":"PropertyValueSpecification","valueRequired":true,"valueName":"search_term_string"}}],"inLanguage":"en-US"},{"@type":"Organization","@id":"https:\/\/www.narodnyfutbalovystadion.sk\/#organization","name":"N\u00e1rodn\u00fd futbalov\u00fd \u0161tadi\u00f3n","url":"https:\/\/www.narodnyfutbalovystadion.sk\/","logo":{"@type":"ImageObject","inLanguage":"en-US","@id":"https:\/\/www.narodnyfutbalovystadion.sk\/#\/schema\/logo\/image\/","url":"https:\/\/www.narodnyfutbalovystadion.sk\/wp-content\/uploads\/2025\/04\/nfs.svg","contentUrl":"https:\/\/www.narodnyfutbalovystadion.sk\/wp-content\/uploads\/2025\/04\/nfs.svg","width":1,"height":1,"caption":"N\u00e1rodn\u00fd futbalov\u00fd \u0161tadi\u00f3n"},"image":{"@id":"https:\/\/www.narodnyfutbalovystadion.sk\/#\/schema\/logo\/image\/"}}]}},"_links":{"self":[{"href":"https:\/\/www.narodnyfutbalovystadion.sk\/en\/wp-json\/wp\/v2\/event\/6744","targetHints":{"allow":["GET"]}}],"collection":[{"href":"https:\/\/www.narodnyfutbalovystadion.sk\/en\/wp-json\/wp\/v2\/event"}],"about":[{"href":"https:\/\/www.narodnyfutbalovystadion.sk\/en\/wp-json\/wp\/v2\/types\/event"}],"wp:featuredmedia":[{"embeddable":true,"href":"https:\/\/www.narodnyfutbalovystadion.sk\/en\/wp-json\/wp\/v2\/media\/7438"}],"wp:attachment":[{"href":"https:\/\/www.narodnyfutbalovystadion.sk\/en\/wp-json\/wp\/v2\/media?parent=6744"}],"wp:term":[{"taxonomy":"kategoria","embeddable":true,"href":"https:\/\/www.narodnyfutbalovystadion.sk\/en\/wp-json\/wp\/v2\/kategoria?post=6744"}],"curies":[{"name":"wp","href":"https:\/\/api.w.org\/{rel}","templated":true}]}}